{"id":1074,"date":"2024-07-02T10:10:00","date_gmt":"2024-07-02T08:10:00","guid":{"rendered":"https:\/\/www.france1million.world\/?post_type=prayer-walk&#038;p=460"},"modified":"2024-07-24T12:49:31","modified_gmt":"2024-07-24T12:49:31","slug":"opening-ceremony-prayer-july-26","status":"publish","type":"prayer-walk","link":"https:\/\/www.lovefrance.world\/fi\/prayer-walk\/opening-ceremony-prayer-july-26\/","title":{"rendered":"AVAJAILURUKOUS - 26.7"},"content":{"rendered":"<p>Kisojen avajaiset pidet\u00e4\u00e4n 26. hein\u00e4kuuta Seine-joella. Kannustamme uskovia ymp\u00e4ri maailmaa rukoilemaan Pariisin puolesta t\u00e4n\u00e4 aikana ja tukemaan paikallisia ja kansainv\u00e4lisi\u00e4 rukouspyrkimyksi\u00e4, jotka kattavat kaupungin t\u00e4m\u00e4n historiallisen juhlan aikana. Kutsumme sinut ja kirkkosi is\u00e4nn\u00f6im\u00e4\u00e4n paikallista rukoustilaisuutta rukoilemaan kaupungin puolesta t\u00e4n\u00e4 p\u00e4iv\u00e4n\u00e4.<\/p>","protected":false},"featured_media":1099,"parent":0,"template":"","class_list":["post-1074","prayer-walk","type-prayer-walk","status-publish","has-post-thumbnail","hentry"],"acf":[],"_links":{"self":[{"href":"https:\/\/www.lovefrance.world\/fi\/wp-json\/wp\/v2\/prayer-walk\/1074","targetHints":{"allow":["GET"]}}],"collection":[{"href":"https:\/\/www.lovefrance.world\/fi\/wp-json\/wp\/v2\/prayer-walk"}],"about":[{"href":"https:\/\/www.lovefrance.world\/fi\/wp-json\/wp\/v2\/types\/prayer-walk"}],"wp:featuredmedia":[{"embeddable":true,"href":"https:\/\/www.lovefrance.world\/fi\/wp-json\/wp\/v2\/media\/1099"}],"wp:attachment":[{"href":"https:\/\/www.lovefrance.world\/fi\/wp-json\/wp\/v2\/media?parent=1074"}],"curies":[{"name":"wp","href":"https:\/\/api.w.org\/{rel}","templated":true}]}}